{"id":93,"date":"2014-05-08T16:33:16","date_gmt":"2014-05-08T15:33:16","guid":{"rendered":"http:\/\/www.fouencamps.fr\/?page_id=93"},"modified":"2024-07-20T21:28:19","modified_gmt":"2024-07-20T20:28:19","slug":"dechetterie","status":"publish","type":"page","link":"https:\/\/www.fouencamps.fr\/?page_id=93","title":{"rendered":"D\u00e9chetterie"},"content":{"rendered":"\n<p class=\"wp-block-paragraph\"><strong>D\u00e9chetteries :<\/strong><\/p>\n\n\n\n<p class=\"wp-block-paragraph\">Les informations relatives \u00e0 la d\u00e9chetterie sont disponibles <a href=\"https:\/\/www.avrelucenoye.fr\/environnement\/decheteries\/particuliers\/\">ici.<\/a><\/p>\n\n\n\n<p class=\"wp-block-paragraph\"><strong>Sur le territoire de la Communaut\u00e9 de Communes Avre Luce Noye,<\/strong><\/p>\n\n\n\n<p class=\"wp-block-paragraph\"><strong>deux d\u00e9ch\u00e8teries&nbsp;<\/strong><strong>sont \u00e0 votre disposition.<\/strong><\/p>\n\n\n\n<p class=\"wp-block-paragraph\"><strong>Elles sont situ\u00e9es \u00e0 Ailly-sur-Noye et \u00e0 Moreuil<\/strong><\/p>\n\n\n\n<p class=\"wp-block-paragraph\">Mais une d\u00e9ch\u00e8terie \u00e0 quoi \u00e7a sert ?<\/p>\n\n\n\n<p class=\"wp-block-paragraph\">C\u2019est un espace am\u00e9nag\u00e9, gardienn\u00e9 et cl\u00f4tur\u00e9 dans lequel les usagers peuvent d\u00e9poser leurs d\u00e9chets occasionnels qui ne peuvent \u00eatre collect\u00e9s avec les ordures m\u00e9nag\u00e8res en raison de leur volume, de leur poids ou de leur nature (toxique).<\/p>\n\n\n\n<p class=\"wp-block-paragraph\">Elle offre une solution r\u00e9glementaire et respectueuse de l\u2019environnement en favorisant le recyclage et la valorisation des mat\u00e9riaux, dans les meilleures conditions techniques et \u00e9conomiques du moment.<\/p>\n\n\n\n<p class=\"wp-block-paragraph\">Un gardien vous accueille et vous guide afin de garantir le bon fonctionnement de la d\u00e9ch\u00e8terie.<\/p>\n\n\n\n<p class=\"wp-block-paragraph\">L\u2019utilisation des d\u00e9ch\u00e8teries est r\u00e9gie par un r\u00e8glement int\u00e9rieur qui s\u2019applique \u00e0 tous :&nbsp;<a href=\"https:\/\/www.avrelucenoye.fr\/wp-content\/uploads\/2022\/08\/reglement-interieur-decheterie-1.pdf\">lire le r\u00e8glement int\u00e9rieur de la d\u00e9ch\u00e8terie<\/a><\/p>\n\n\n\n<p class=\"wp-block-paragraph\"><strong>Informations :<\/strong><\/p>\n\n\n\n<figure class=\"wp-block-image size-full\"><a href=\"https:\/\/www.fouencamps.fr\/wp-content\/uploads\/2024\/07\/image-1.png\"><img loading=\"lazy\" decoding=\"async\" width=\"667\" height=\"470\" src=\"https:\/\/www.fouencamps.fr\/wp-content\/uploads\/2024\/07\/image-1.png\" alt=\"\" class=\"wp-image-904\" srcset=\"https:\/\/www.fouencamps.fr\/wp-content\/uploads\/2024\/07\/image-1.png 667w, https:\/\/www.fouencamps.fr\/wp-content\/uploads\/2024\/07\/image-1-300x211.png 300w, https:\/\/www.fouencamps.fr\/wp-content\/uploads\/2024\/07\/image-1-600x423.png 600w, https:\/\/www.fouencamps.fr\/wp-content\/uploads\/2024\/07\/image-1-640x451.png 640w\" sizes=\"auto, (max-width: 667px) 100vw, 667px\" \/><\/a><\/figure>\n\n\n\n<figure class=\"wp-block-image size-full\"><a href=\"https:\/\/www.fouencamps.fr\/wp-content\/uploads\/2024\/07\/image.png\"><img loading=\"lazy\" decoding=\"async\" width=\"672\" height=\"463\" src=\"https:\/\/www.fouencamps.fr\/wp-content\/uploads\/2024\/07\/image.png\" alt=\"\" class=\"wp-image-903\" srcset=\"https:\/\/www.fouencamps.fr\/wp-content\/uploads\/2024\/07\/image.png 672w, https:\/\/www.fouencamps.fr\/wp-content\/uploads\/2024\/07\/image-300x207.png 300w, https:\/\/www.fouencamps.fr\/wp-content\/uploads\/2024\/07\/image-600x413.png 600w, https:\/\/www.fouencamps.fr\/wp-content\/uploads\/2024\/07\/image-640x441.png 640w\" sizes=\"auto, (max-width: 672px) 100vw, 672px\" \/><\/a><\/figure>\n\n\n\n<p class=\"wp-block-paragraph\"><strong>&nbsp;RAPPEL \u00ab&nbsp;Feux d\u2019artifice&nbsp;\u00bb :<\/strong><\/p>\n\n\n\n<p class=\"wp-block-paragraph\">Les d\u00e9chets \u00e0 caract\u00e8re explosif ne sont pas admis en d\u00e9chetterie ou en collecte porte \u00e0 porte<\/p>\n\n\n\n<p class=\"wp-block-paragraph\">(extincteurs, bouteilles de gaz, fus\u00e9es d\u2019artifice, fus\u00e9es de d\u00e9tresse, obus\u2026).<\/p>\n\n\n\n<p class=\"wp-block-paragraph\"><strong>Nouvelle fili\u00e8re collect\u00e9e dans vos d\u00e9ch\u00e8teries !<\/strong><\/p>\n\n\n\n<figure class=\"wp-block-image\"><img decoding=\"async\" src=\"https:\/\/www.avrelucenoye.fr\/wp-content\/uploads\/2022\/12\/peinture.png\" alt=\"\" class=\"wp-image-11654\"\/><\/figure>\n\n\n\n<figure class=\"wp-block-image\"><img decoding=\"async\" src=\"https:\/\/www.avrelucenoye.fr\/wp-content\/uploads\/2022\/11\/SAC-BLEU.png\" alt=\"\" class=\"wp-image-11375\"\/><\/figure>\n","protected":false},"excerpt":{"rendered":"<p>D\u00e9chetteries : Les informations relatives \u00e0 la d\u00e9chetterie sont disponibles ici. Sur le territoire de la Communaut\u00e9 de Communes Avre Luce Noye, deux d\u00e9ch\u00e8teries&nbsp;sont \u00e0 votre disposition. Elles sont situ\u00e9es \u00e0 Ailly-sur-Noye et \u00e0&#46;&#46;&#46;<\/p>\n","protected":false},"author":1,"featured_media":0,"parent":0,"menu_order":0,"comment_status":"closed","ping_status":"open","template":"","meta":{"_crdt_document":"","rop_custom_images_group":[],"rop_custom_messages_group":[],"rop_publish_now":"initial","rop_publish_now_accounts":[],"rop_publish_now_history":[],"rop_publish_now_status":"pending","footnotes":""},"class_list":["post-93","page","type-page","status-publish","hentry"],"_links":{"self":[{"href":"https:\/\/www.fouencamps.fr\/index.php?rest_route=\/wp\/v2\/pages\/93","targetHints":{"allow":["GET"]}}],"collection":[{"href":"https:\/\/www.fouencamps.fr\/index.php?rest_route=\/wp\/v2\/pages"}],"about":[{"href":"https:\/\/www.fouencamps.fr\/index.php?rest_route=\/wp\/v2\/types\/page"}],"author":[{"embeddable":true,"href":"https:\/\/www.fouencamps.fr\/index.php?rest_route=\/wp\/v2\/users\/1"}],"replies":[{"embeddable":true,"href":"https:\/\/www.fouencamps.fr\/index.php?rest_route=%2Fwp%2Fv2%2Fcomments&post=93"}],"version-history":[{"count":11,"href":"https:\/\/www.fouencamps.fr\/index.php?rest_route=\/wp\/v2\/pages\/93\/revisions"}],"predecessor-version":[{"id":906,"href":"https:\/\/www.fouencamps.fr\/index.php?rest_route=\/wp\/v2\/pages\/93\/revisions\/906"}],"wp:attachment":[{"href":"https:\/\/www.fouencamps.fr\/index.php?rest_route=%2Fwp%2Fv2%2Fmedia&parent=93"}],"curies":[{"name":"wp","href":"https:\/\/api.w.org\/{rel}","templated":true}]}}