{"id":7,"date":"2014-05-03T13:46:48","date_gmt":"2014-05-03T12:46:48","guid":{"rendered":"http:\/\/www.fouencamps.fr\/?page_id=7"},"modified":"2023-02-13T18:43:35","modified_gmt":"2023-02-13T17:43:35","slug":"conseil-municipal","status":"publish","type":"page","link":"https:\/\/www.fouencamps.fr\/?page_id=7","title":{"rendered":"Conseil Municipal"},"content":{"rendered":"<p>La liste des \u00e9lus du\u00a0Conseil Municipal de la commune de Fouencamps :<\/p>\n<table width=\"637\">\n<tbody>\n<tr>\n<td width=\"199\"><strong>Nom<\/strong><\/td>\n<td width=\"168\"><strong>Statut<\/strong><\/td>\n<td width=\"262\"><strong>Contact<\/strong><\/td>\n<\/tr>\n<tr>\n<td width=\"199\">Yves-Robert LECONTE<\/td>\n<td width=\"168\">Maire<\/td>\n<td width=\"262\"><\/td>\n<\/tr>\n<tr>\n<td width=\"199\">Francois DORLODOT<\/td>\n<td width=\"168\">1\u00e8re adjointe<\/td>\n<td width=\"262\">webmaster@fouencamps.fr<\/td>\n<\/tr>\n<tr>\n<td width=\"199\">Agn\u00e8s MACRET<\/td>\n<td width=\"168\">2nde adjointe<\/td>\n<td width=\"262\"><\/td>\n<\/tr>\n<tr>\n<td width=\"199\">B\u00e9n\u00e9dicte BARBIER<\/td>\n<td width=\"168\">Conseill\u00e8re Municipal<\/td>\n<td width=\"262\"><\/td>\n<\/tr>\n<tr>\n<td width=\"199\">Sylvie MONTIGNY<\/td>\n<td width=\"168\">Conseill\u00e8re Municipal<\/td>\n<td width=\"262\"><\/td>\n<\/tr>\n<tr>\n<td width=\"199\">Guillaume SUEUR<\/td>\n<td width=\"168\">Conseiller Municipale<\/td>\n<td width=\"262\"><\/td>\n<\/tr>\n<tr>\n<td width=\"199\">Laure HENRY<\/td>\n<td width=\"168\">Conseiller Municipal<\/td>\n<td width=\"262\"><\/td>\n<\/tr>\n<tr>\n<td width=\"199\">Thibault LENGLET<\/td>\n<td width=\"168\">Conseiller Municipal<\/td>\n<td width=\"262\"><\/td>\n<\/tr>\n<tr>\n<td width=\"199\">Jessica PICAVET<\/td>\n<td width=\"168\">Conseill\u00e8re Municipale<\/td>\n<td width=\"262\"><\/td>\n<\/tr>\n<tr>\n<td width=\"199\">Flavie CAUCHETEUX<\/td>\n<td width=\"168\">Conseill\u00e8re Municipale<\/td>\n<td width=\"262\"><\/td>\n<\/tr>\n<tr>\n<td width=\"199\">Guillaume COMBERIEN<\/td>\n<td width=\"168\">Conseiller Municipal<\/td>\n<td width=\"262\"><\/td>\n<\/tr>\n<\/tbody>\n<\/table>\n<p>La r\u00e9partition des d\u00e9l\u00e9gations\u00a0pour\u00a0la commune de Fouencamps :<\/p>\n<table width=\"202\">\n<tbody>\n<tr>\n<td width=\"198\"><strong>Commission des F\u00eates<\/strong><\/td>\n<\/tr>\n<tr>\n<td width=\"198\">Francois Dorlodot<\/td>\n<\/tr>\n<tr>\n<td width=\"198\">Sylvie MONTIGNY<\/td>\n<\/tr>\n<tr>\n<td width=\"198\"><\/td>\n<\/tr>\n<tr>\n<td width=\"198\"><\/td>\n<\/tr>\n<\/tbody>\n<\/table>\n<table width=\"202\">\n<tbody>\n<tr>\n<td width=\"198\"><strong>Commission des Travaux<\/strong><\/td>\n<\/tr>\n<tr>\n<td width=\"198\">Agn\u00e8s MACRET<\/td>\n<\/tr>\n<tr>\n<td width=\"198\"><\/td>\n<\/tr>\n<tr>\n<td width=\"198\"><\/td>\n<\/tr>\n<\/tbody>\n<\/table>\n<table style=\"height: 164px;\" width=\"359\">\n<tbody>\n<tr>\n<td colspan=\"2\" width=\"368\"><strong>Syndicat Intercommunale Scolaire (SISCO)<\/strong><\/td>\n<\/tr>\n<tr>\n<td width=\"199\"><strong>Titulaires<\/strong><\/td>\n<td width=\"167\"><strong>Suppl\u00e9ants<\/strong><\/td>\n<\/tr>\n<tr>\n<td width=\"199\">Sylvie MONTIGNY<\/td>\n<td width=\"167\">Sylvain HENRY<\/td>\n<\/tr>\n<tr>\n<td width=\"199\">Guillaume SUEUR<\/td>\n<td width=\"167\">Yves-Robert LECONTE<\/td>\n<\/tr>\n<\/tbody>\n<\/table>\n<table width=\"372\">\n<tbody>\n<tr>\n<td colspan=\"2\" width=\"368\"><strong>Syndicat Intercommunale des Soins Infirmiers (SISA)<\/strong><\/td>\n<\/tr>\n<tr>\n<td width=\"199\"><strong>Titulaires<\/strong><\/td>\n<td width=\"167\"><strong>Suppl\u00e9ants<\/strong><\/td>\n<\/tr>\n<tr>\n<td width=\"199\"><\/td>\n<td width=\"167\"><\/td>\n<\/tr>\n<tr>\n<td width=\"199\"><\/td>\n<td width=\"167\"><\/td>\n<\/tr>\n<\/tbody>\n<\/table>\n<table width=\"372\">\n<tbody>\n<tr>\n<td colspan=\"2\" width=\"368\"><strong>F\u00e9d\u00e9ration D\u00e9partementale d&rsquo;Electricit\u00e9\u00a0(FDE 80)<\/strong><\/td>\n<\/tr>\n<tr>\n<td width=\"199\"><strong>Titulaires<\/strong><\/td>\n<td width=\"167\"><strong>Suppl\u00e9ants<\/strong><\/td>\n<\/tr>\n<tr>\n<td width=\"199\"><\/td>\n<td width=\"167\"><\/td>\n<\/tr>\n<tr>\n<td width=\"199\"><\/td>\n<td width=\"167\"><\/td>\n<\/tr>\n<\/tbody>\n<\/table>\n<table width=\"372\">\n<tbody>\n<tr>\n<td colspan=\"2\" width=\"368\"><strong>Comit\u00e9 de Suivi du PLUI<\/strong><\/td>\n<\/tr>\n<tr>\n<td width=\"199\"><strong>Titulaire<\/strong><\/td>\n<td width=\"167\"><strong>Suppl\u00e9ant<\/strong><\/td>\n<\/tr>\n<tr>\n<td width=\"199\">Yves-Robert LECONTE<\/td>\n<td width=\"167\">Francois Dorlodot<\/td>\n<\/tr>\n<\/tbody>\n<\/table>\n<table width=\"372\">\n<tbody>\n<tr>\n<td width=\"167\"><strong>Site Internet \/ Communication web<\/strong><\/td>\n<\/tr>\n<tr>\n<td width=\"167\">Francois Dorlodot<\/td>\n<\/tr>\n<\/tbody>\n<\/table>\n<p>La\u00a0r\u00e9partition des d\u00e9l\u00e9gations\u00a0pour\u00a0la Communaut\u00e9 de Communes du Val de Noye\u00a0:<\/p>\n<table width=\"372\">\n<tbody>\n<tr>\n<td colspan=\"2\" width=\"368\"><strong>Conseiller Communautaire<\/strong><\/td>\n<\/tr>\n<tr>\n<td width=\"199\"><strong>Titulaire<\/strong><\/td>\n<td width=\"167\"><strong>Suppl\u00e9ant<\/strong><\/td>\n<\/tr>\n<tr>\n<td width=\"199\">Yves-Robert LECONTE<\/td>\n<td width=\"167\">Francois\u00a0 Dorlodot<\/td>\n<\/tr>\n<\/tbody>\n<\/table>\n<table width=\"372\">\n<tbody>\n<tr>\n<td width=\"199\"><strong>Commissions<\/strong><\/td>\n<td width=\"167\"><strong>D\u00e9l\u00e9gu\u00e9s<\/strong><\/td>\n<\/tr>\n<tr>\n<td width=\"199\">Am\u00e9nagement et Voirie<\/td>\n<td width=\"167\">NA *<\/td>\n<\/tr>\n<tr>\n<td width=\"199\">Environnement<\/td>\n<td width=\"167\">NA *<\/td>\n<\/tr>\n<tr>\n<td width=\"199\">Sports et Culture<\/td>\n<td width=\"167\">Guillaume SUEUR<\/td>\n<\/tr>\n<tr>\n<td width=\"199\">Vie Scolaire<\/td>\n<td width=\"167\">Sylvie MONTIGNY<\/td>\n<\/tr>\n<tr>\n<td width=\"199\">Vie Sociale<\/td>\n<td width=\"167\">NA *<\/td>\n<\/tr>\n<tr>\n<td width=\"199\">Logement et cadre et de vie<\/td>\n<td width=\"167\">NA *<\/td>\n<\/tr>\n<tr>\n<td width=\"199\">Affaires budg\u00e9taires<\/td>\n<td width=\"167\">NA *<\/td>\n<\/tr>\n<tr>\n<td width=\"199\">Economie et Tourisme<\/td>\n<td width=\"167\">NA *<\/td>\n<\/tr>\n<\/tbody>\n<\/table>\n<p>* NA = \u00a0Non\u00a0affect\u00e9<\/p>\n","protected":false},"excerpt":{"rendered":"<p>La liste des \u00e9lus du\u00a0Conseil Municipal de la commune de Fouencamps : Nom Statut Contact Yves-Robert LECONTE Maire Francois DORLODOT 1\u00e8re adjointe webmaster@fouencamps.fr Agn\u00e8s MACRET 2nde adjointe B\u00e9n\u00e9dicte BARBIER Conseill\u00e8re Municipal Sylvie MONTIGNY Conseill\u00e8re&#46;&#46;&#46;<\/p>\n","protected":false},"author":1,"featured_media":0,"parent":0,"menu_order":0,"comment_status":"open","ping_status":"open","template":"","meta":{"_crdt_document":"","rop_custom_images_group":[],"rop_custom_messages_group":[],"rop_publish_now":"initial","rop_publish_now_accounts":[],"rop_publish_now_history":[],"rop_publish_now_status":"pending","footnotes":""},"class_list":["post-7","page","type-page","status-publish","hentry"],"_links":{"self":[{"href":"https:\/\/www.fouencamps.fr\/index.php?rest_route=\/wp\/v2\/pages\/7","targetHints":{"allow":["GET"]}}],"collection":[{"href":"https:\/\/www.fouencamps.fr\/index.php?rest_route=\/wp\/v2\/pages"}],"about":[{"href":"https:\/\/www.fouencamps.fr\/index.php?rest_route=\/wp\/v2\/types\/page"}],"author":[{"embeddable":true,"href":"https:\/\/www.fouencamps.fr\/index.php?rest_route=\/wp\/v2\/users\/1"}],"replies":[{"embeddable":true,"href":"https:\/\/www.fouencamps.fr\/index.php?rest_route=%2Fwp%2Fv2%2Fcomments&post=7"}],"version-history":[{"count":16,"href":"https:\/\/www.fouencamps.fr\/index.php?rest_route=\/wp\/v2\/pages\/7\/revisions"}],"predecessor-version":[{"id":634,"href":"https:\/\/www.fouencamps.fr\/index.php?rest_route=\/wp\/v2\/pages\/7\/revisions\/634"}],"wp:attachment":[{"href":"https:\/\/www.fouencamps.fr\/index.php?rest_route=%2Fwp%2Fv2%2Fmedia&parent=7"}],"curies":[{"name":"wp","href":"https:\/\/api.w.org\/{rel}","templated":true}]}}